{"id":7474,"date":"2019-07-01T10:10:57","date_gmt":"2019-07-01T08:10:57","guid":{"rendered":"https:\/\/wncri.org\/frdev\/?page_id=7474"},"modified":"2019-08-09T10:20:46","modified_gmt":"2019-08-09T08:20:46","slug":"discours-de-maryam-radjavi","status":"publish","type":"page","link":"https:\/\/wncri.org\/fr\/discours-de-maryam-radjavi\/","title":{"rendered":"Discours de Maryam Radjavi"},"content":{"rendered":"<div class=\"wpb-content-wrapper\"><p>[vc_row][vc_column]<div  class=\"jeg_postblock_5 jeg_postblock jeg_module_hook jeg_pagination_scrollload jeg_col_3o3 jnews_module__0_69f2c813a9d51   \" data-unique=\"jnews_module__0_69f2c813a9d51\">\n\t\t\t\t\t\n\t\t\t\t\t<div class=\"jeg_block_container\">\n                    \n                    <div class=\"jeg_posts jeg_load_more_flag\"><article class=\"jeg_post jeg_pl_lg_2 format-standard\">\n                    <div class=\"jeg_thumb\">\n                        \n                        <a href=\"https:\/\/wncri.org\/fr\/2026\/02\/21\/maryam-radjavi-jif-2026\/\" aria-label=\"Read article: Maryam Radjavi : La JIF 2026 appartient aux femmes et aux jeunes qui ont pris d\u2019assaut le principal bastion de la misogynie dans le monde aujourd\u2019hui\"><div class=\"thumbnail-container animate-lazy  size-715 \"><img decoding=\"async\" width=\"350\" height=\"250\" src=\"data:image\/gif;base64,R0lGODlhAQABAIAAAP\/\/\/wAAACH5BAEAAAAALAAAAAABAAEAAAICRAEAOw==\" class=\"lazyload wp-post-image\" alt=\"Maryam Radjavi : La JIF 2026 appartient aux femmes et aux jeunes qui ont pris d\u2019assaut le principal bastion de la misogynie dans le monde aujourd\u2019hui\" data-src=\"https:\/\/wncri.org\/fr\/wp-content\/uploads\/2026\/02\/NCRI-Women-Maryam-Rajavi-IWD2026-1-350x250.jpg\" data-sizes=\"auto\" data-expand=\"700\" \/><\/div><\/a>\n                        <div class=\"jeg_post_category\">\n                            <span><a href=\"https:\/\/wncri.org\/fr\/category\/discours-de-maryam-radjavi\/\" class=\"category-discours-de-maryam-radjavi\">Discours de Maryam Radjavi<\/a><\/span>\n                        <\/div>\n                    <\/div>\n                    <div class=\"jeg_postblock_content\">\n                        <h3 class=\"jeg_post_title\">\n                            <a href=\"https:\/\/wncri.org\/fr\/2026\/02\/21\/maryam-radjavi-jif-2026\/\">Maryam Radjavi : La JIF 2026 appartient aux femmes et aux jeunes qui ont pris d\u2019assaut le principal bastion de la misogynie dans le monde aujourd\u2019hui<\/a>\n                        <\/h3>\n                        <div class=\"jeg_post_meta\"><div class=\"jeg_meta_date\"><a href=\"https:\/\/wncri.org\/fr\/2026\/02\/21\/maryam-radjavi-jif-2026\/\"><i class=\"fa fa-clock-o\"><\/i> February 21, 2026<\/a><\/div><\/div>\n                        <div class=\"jeg_post_excerpt\">\n                            <p>Le samedi 21 f\u00e9vrier 2026, \u00e0 la veille de la Journ\u00e9e internationale des femmes 2026, la Commission des femmes du...<\/p>\n                            <a href=\"https:\/\/wncri.org\/fr\/2026\/02\/21\/maryam-radjavi-jif-2026\/\" class=\"jeg_readmore\">Lire la suite<span class=\"screen-reader-text\">Details<\/span><\/a>\n                        <\/div>\n                    <\/div>\n                <\/article><article class=\"jeg_post jeg_pl_lg_2 format-standard\">\n                    <div class=\"jeg_thumb\">\n                        \n                        <a href=\"https:\/\/wncri.org\/fr\/2026\/01\/29\/message-aux-femmes-et-aux-jeunes-filles\/\" aria-label=\"Read article: Message aux femmes et aux jeunes filles insurg\u00e9es en Iran\"><div class=\"thumbnail-container animate-lazy  size-715 \"><img decoding=\"async\" width=\"350\" height=\"250\" src=\"data:image\/gif;base64,R0lGODlhAQABAIAAAP\/\/\/wAAACH5BAEAAAAALAAAAAABAAEAAAICRAEAOw==\" class=\"lazyload wp-post-image\" alt=\"Message aux femmes et aux jeunes filles insurg\u00e9es en Iran\" data-src=\"https:\/\/wncri.org\/fr\/wp-content\/uploads\/2026\/01\/NCRI-Women-Maryam-Rajavi-Message-to-Iranian-Women-1-350x250.jpg\" data-sizes=\"auto\" data-expand=\"700\" \/><\/div><\/a>\n                        <div class=\"jeg_post_category\">\n                            <span><a href=\"https:\/\/wncri.org\/fr\/category\/discours-de-maryam-radjavi\/\" class=\"category-discours-de-maryam-radjavi\">Discours de Maryam Radjavi<\/a><\/span>\n                        <\/div>\n                    <\/div>\n                    <div class=\"jeg_postblock_content\">\n                        <h3 class=\"jeg_post_title\">\n                            <a href=\"https:\/\/wncri.org\/fr\/2026\/01\/29\/message-aux-femmes-et-aux-jeunes-filles\/\">Message aux femmes et aux jeunes filles insurg\u00e9es en Iran<\/a>\n                        <\/h3>\n                        <div class=\"jeg_post_meta\"><div class=\"jeg_meta_date\"><a href=\"https:\/\/wncri.org\/fr\/2026\/01\/29\/message-aux-femmes-et-aux-jeunes-filles\/\"><i class=\"fa fa-clock-o\"><\/i> January 29, 2026<\/a><\/div><\/div>\n                        <div class=\"jeg_post_excerpt\">\n                            <p>Le combat des femmes dans le soul\u00e8vement de janvier a suscit\u00e9 l\u2019admiration g\u00e9n\u00e9rale Le site internet de la Pr\u00e9sidente \u00e9lue...<\/p>\n                            <a href=\"https:\/\/wncri.org\/fr\/2026\/01\/29\/message-aux-femmes-et-aux-jeunes-filles\/\" class=\"jeg_readmore\">Lire la suite<span class=\"screen-reader-text\">Details<\/span><\/a>\n                        <\/div>\n                    <\/div>\n                <\/article><article class=\"jeg_post jeg_pl_lg_2 format-standard\">\n                    <div class=\"jeg_thumb\">\n                        \n                        <a href=\"https:\/\/wncri.org\/fr\/2025\/06\/21\/femmes-voix-des-opprimes\/\" aria-label=\"Read article: Femmes, Voix des opprim\u00e9s, Victorieuses de demain\"><div class=\"thumbnail-container animate-lazy  size-715 \"><img decoding=\"async\" width=\"350\" height=\"250\" src=\"data:image\/gif;base64,R0lGODlhAQABAIAAAP\/\/\/wAAACH5BAEAAAAALAAAAAABAAEAAAICRAEAOw==\" class=\"lazyload wp-post-image\" alt=\"Femmes, Voix des opprim\u00e9s, Victorieuses de demain - Maryam Radjavi\" data-src=\"https:\/\/wncri.org\/fr\/wp-content\/uploads\/2025\/06\/NCRI-Women-Maryam-Rajavi-Women-Voice-of-the-Oppressed-min-350x250.jpg\" data-sizes=\"auto\" data-expand=\"700\" \/><\/div><\/a>\n                        <div class=\"jeg_post_category\">\n                            <span><a href=\"https:\/\/wncri.org\/fr\/category\/discours-de-maryam-radjavi\/\" class=\"category-discours-de-maryam-radjavi\">Discours de Maryam Radjavi<\/a><\/span>\n                        <\/div>\n                    <\/div>\n                    <div class=\"jeg_postblock_content\">\n                        <h3 class=\"jeg_post_title\">\n                            <a href=\"https:\/\/wncri.org\/fr\/2025\/06\/21\/femmes-voix-des-opprimes\/\">Femmes, Voix des opprim\u00e9s, Victorieuses de demain<\/a>\n                        <\/h3>\n                        <div class=\"jeg_post_meta\"><div class=\"jeg_meta_date\"><a href=\"https:\/\/wncri.org\/fr\/2025\/06\/21\/femmes-voix-des-opprimes\/\"><i class=\"fa fa-clock-o\"><\/i> June 21, 2025<\/a><\/div><\/div>\n                        <div class=\"jeg_post_excerpt\">\n                            <p>Le 21 juin 1996, Maryam Radjavi a prononc\u00e9 un discours historique intitul\u00e9 \u00ab Femmes, Voix des opprim\u00e9s \u00bb lors du...<\/p>\n                            <a href=\"https:\/\/wncri.org\/fr\/2025\/06\/21\/femmes-voix-des-opprimes\/\" class=\"jeg_readmore\">Lire la suite<span class=\"screen-reader-text\">Details<\/span><\/a>\n                        <\/div>\n                    <\/div>\n                <\/article><article class=\"jeg_post jeg_pl_lg_2 format-standard\">\n                    <div class=\"jeg_thumb\">\n                        \n                        <a href=\"https:\/\/wncri.org\/fr\/2025\/02\/23\/maryam-radjavi-iwd2025\/\" aria-label=\"Read article: Maryam Radjavi : Les femmes, pionni\u00e8res de la libert\u00e9 &#8211; IWD2025\"><div class=\"thumbnail-container animate-lazy  size-715 \"><img decoding=\"async\" width=\"350\" height=\"250\" src=\"data:image\/gif;base64,R0lGODlhAQABAIAAAP\/\/\/wAAACH5BAEAAAAALAAAAAABAAEAAAICRAEAOw==\" class=\"lazyload wp-post-image\" alt=\"Maryam Radjavi : Les femmes, pionni\u00e8res de la libert\u00e9 - IWD2025\" data-src=\"https:\/\/wncri.org\/fr\/wp-content\/uploads\/2025\/02\/NCRI-Women-Maryam-Rajavi-min-350x250.jpg\" data-sizes=\"auto\" data-expand=\"700\" \/><\/div><\/a>\n                        <div class=\"jeg_post_category\">\n                            <span><a href=\"https:\/\/wncri.org\/fr\/category\/discours-de-maryam-radjavi\/\" class=\"category-discours-de-maryam-radjavi\">Discours de Maryam Radjavi<\/a><\/span>\n                        <\/div>\n                    <\/div>\n                    <div class=\"jeg_postblock_content\">\n                        <h3 class=\"jeg_post_title\">\n                            <a href=\"https:\/\/wncri.org\/fr\/2025\/02\/23\/maryam-radjavi-iwd2025\/\">Maryam Radjavi : Les femmes, pionni\u00e8res de la libert\u00e9 &#8211; IWD2025<\/a>\n                        <\/h3>\n                        <div class=\"jeg_post_meta\"><div class=\"jeg_meta_date\"><a href=\"https:\/\/wncri.org\/fr\/2025\/02\/23\/maryam-radjavi-iwd2025\/\"><i class=\"fa fa-clock-o\"><\/i> February 23, 2025<\/a><\/div><\/div>\n                        <div class=\"jeg_post_excerpt\">\n                            <p>Paris, le 22 f\u00e9vrier 2025 - La conf\u00e9rence de la Journ\u00e9e mondiale de la femme \u00e0 Paris a r\u00e9uni une...<\/p>\n                            <a href=\"https:\/\/wncri.org\/fr\/2025\/02\/23\/maryam-radjavi-iwd2025\/\" class=\"jeg_readmore\">Lire la suite<span class=\"screen-reader-text\">Details<\/span><\/a>\n                        <\/div>\n                    <\/div>\n                <\/article><article class=\"jeg_post jeg_pl_lg_2 format-standard\">\n                    <div class=\"jeg_thumb\">\n                        \n                        <a href=\"https:\/\/wncri.org\/fr\/2024\/11\/25\/femmes-resistance-liberte\/\" aria-label=\"Read article: La devise des femmes \u00e9mergentes d&#8217;Iran est \u00ab Femmes R\u00e9sistance Libert\u00e9 \u00bb &#8211; Maryam Radjavi\"><div class=\"thumbnail-container animate-lazy  size-715 \"><img decoding=\"async\" width=\"350\" height=\"250\" src=\"data:image\/gif;base64,R0lGODlhAQABAIAAAP\/\/\/wAAACH5BAEAAAAALAAAAAABAAEAAAICRAEAOw==\" class=\"lazyload wp-post-image\" alt=\"La devise des femmes \u00e9mergentes d&#039;Iran est \u00ab Femmes R\u00e9sistance Libert\u00e9 \u00bb\" data-src=\"https:\/\/wncri.org\/fr\/wp-content\/uploads\/2024\/11\/Violence-against-Women-1-min-350x250.jpg\" data-sizes=\"auto\" data-expand=\"700\" \/><\/div><\/a>\n                        <div class=\"jeg_post_category\">\n                            <span><a href=\"https:\/\/wncri.org\/fr\/category\/discours-de-maryam-radjavi\/\" class=\"category-discours-de-maryam-radjavi\">Discours de Maryam Radjavi<\/a><\/span>\n                        <\/div>\n                    <\/div>\n                    <div class=\"jeg_postblock_content\">\n                        <h3 class=\"jeg_post_title\">\n                            <a href=\"https:\/\/wncri.org\/fr\/2024\/11\/25\/femmes-resistance-liberte\/\">La devise des femmes \u00e9mergentes d&#8217;Iran est \u00ab Femmes R\u00e9sistance Libert\u00e9 \u00bb &#8211; Maryam Radjavi<\/a>\n                        <\/h3>\n                        <div class=\"jeg_post_meta\"><div class=\"jeg_meta_date\"><a href=\"https:\/\/wncri.org\/fr\/2024\/11\/25\/femmes-resistance-liberte\/\"><i class=\"fa fa-clock-o\"><\/i> November 25, 2024<\/a><\/div><\/div>\n                        <div class=\"jeg_post_excerpt\">\n                            <p>Marquer la Journ\u00e9e internationale pour l'\u00e9limination de la violence \u00e0 l'\u00e9gard des femmes et des filles A l'occasion de la...<\/p>\n                            <a href=\"https:\/\/wncri.org\/fr\/2024\/11\/25\/femmes-resistance-liberte\/\" class=\"jeg_readmore\">Lire la suite<span class=\"screen-reader-text\">Details<\/span><\/a>\n                        <\/div>\n                    <\/div>\n                <\/article><article class=\"jeg_post jeg_pl_lg_2 format-standard\">\n                    <div class=\"jeg_thumb\">\n                        \n                        <a href=\"https:\/\/wncri.org\/fr\/2024\/11\/25\/la-violence-et-la-repression\/\" aria-label=\"Read article: La violence et la r\u00e9pression ciblent les femmes iraniennes dans tous les aspects de leur vie \u2013 Maryam Radjavi\"><div class=\"thumbnail-container animate-lazy  size-715 \"><img decoding=\"async\" width=\"350\" height=\"250\" src=\"data:image\/gif;base64,R0lGODlhAQABAIAAAP\/\/\/wAAACH5BAEAAAAALAAAAAABAAEAAAICRAEAOw==\" class=\"lazyload wp-post-image\" alt=\"La violence et la r\u00e9pression ciblent les femmes iraniennes dans tous les aspects de leur vie \u2013 Maryam Radjavi\" data-src=\"https:\/\/wncri.org\/fr\/wp-content\/uploads\/2024\/11\/Maryam-Rajavi-Violence-and-Repression-Target-Iranian-Women-min-350x250.jpg\" data-sizes=\"auto\" data-expand=\"700\" \/><\/div><\/a>\n                        <div class=\"jeg_post_category\">\n                            <span><a href=\"https:\/\/wncri.org\/fr\/category\/discours-de-maryam-radjavi\/\" class=\"category-discours-de-maryam-radjavi\">Discours de Maryam Radjavi<\/a><\/span>\n                        <\/div>\n                    <\/div>\n                    <div class=\"jeg_postblock_content\">\n                        <h3 class=\"jeg_post_title\">\n                            <a href=\"https:\/\/wncri.org\/fr\/2024\/11\/25\/la-violence-et-la-repression\/\">La violence et la r\u00e9pression ciblent les femmes iraniennes dans tous les aspects de leur vie \u2013 Maryam Radjavi<\/a>\n                        <\/h3>\n                        <div class=\"jeg_post_meta\"><div class=\"jeg_meta_date\"><a href=\"https:\/\/wncri.org\/fr\/2024\/11\/25\/la-violence-et-la-repression\/\"><i class=\"fa fa-clock-o\"><\/i> November 25, 2024<\/a><\/div><\/div>\n                        <div class=\"jeg_post_excerpt\">\n                            <p>Extraits des interventions de Maryam Radjavi avec des militantes pour les droits des femmes au Parlement europ\u00e9en Le mercredi 20...<\/p>\n                            <a href=\"https:\/\/wncri.org\/fr\/2024\/11\/25\/la-violence-et-la-repression\/\" class=\"jeg_readmore\">Lire la suite<span class=\"screen-reader-text\">Details<\/span><\/a>\n                        <\/div>\n                    <\/div>\n                <\/article><article class=\"jeg_post jeg_pl_lg_2 format-standard\">\n                    <div class=\"jeg_thumb\">\n                        \n                        <a href=\"https:\/\/wncri.org\/fr\/2024\/10\/08\/maryam-radjavi-femmes-iraniennes\/\" aria-label=\"Read article: Maryam Radjavi : Personne ne peut arr\u00eater une femme d\u00e9termin\u00e9e \u00e0 obtenir sa libert\u00e9\"><div class=\"thumbnail-container animate-lazy  size-715 \"><img decoding=\"async\" width=\"350\" height=\"250\" src=\"data:image\/gif;base64,R0lGODlhAQABAIAAAP\/\/\/wAAACH5BAEAAAAALAAAAAABAAEAAAICRAEAOw==\" class=\"lazyload wp-post-image\" alt=\"Maryam Radjavi : Personne ne peut arr\u00eater une femme d\u00e9termin\u00e9e \u00e0 obtenir sa libert\u00e9\" data-src=\"https:\/\/wncri.org\/fr\/wp-content\/uploads\/2024\/10\/Maryam-Rajavi-min-350x250.jpg\" data-sizes=\"auto\" data-expand=\"700\" \/><\/div><\/a>\n                        <div class=\"jeg_post_category\">\n                            <span><a href=\"https:\/\/wncri.org\/fr\/category\/discours-de-maryam-radjavi\/\" class=\"category-discours-de-maryam-radjavi\">Discours de Maryam Radjavi<\/a><\/span>\n                        <\/div>\n                    <\/div>\n                    <div class=\"jeg_postblock_content\">\n                        <h3 class=\"jeg_post_title\">\n                            <a href=\"https:\/\/wncri.org\/fr\/2024\/10\/08\/maryam-radjavi-femmes-iraniennes\/\">Maryam Radjavi : Personne ne peut arr\u00eater une femme d\u00e9termin\u00e9e \u00e0 obtenir sa libert\u00e9<\/a>\n                        <\/h3>\n                        <div class=\"jeg_post_meta\"><div class=\"jeg_meta_date\"><a href=\"https:\/\/wncri.org\/fr\/2024\/10\/08\/maryam-radjavi-femmes-iraniennes\/\"><i class=\"fa fa-clock-o\"><\/i> October 8, 2024<\/a><\/div><\/div>\n                        <div class=\"jeg_post_excerpt\">\n                            <p>Comment aider les femmes iraniennes est le titre d'un article publi\u00e9 sur le site Internet de Mme Maryam Radjavi, pr\u00e9sidente...<\/p>\n                            <a href=\"https:\/\/wncri.org\/fr\/2024\/10\/08\/maryam-radjavi-femmes-iraniennes\/\" class=\"jeg_readmore\">Lire la suite<span class=\"screen-reader-text\">Details<\/span><\/a>\n                        <\/div>\n                    <\/div>\n                <\/article><article class=\"jeg_post jeg_pl_lg_2 format-standard\">\n                    <div class=\"jeg_thumb\">\n                        \n                        <a href=\"https:\/\/wncri.org\/fr\/2024\/07\/01\/droits-humains-lapides-iran\/\" aria-label=\"Read article: La Catastrophe des Droits Humains Lapid\u00e9s du Peuple Iranien\"><div class=\"thumbnail-container animate-lazy  size-715 \"><img decoding=\"async\" width=\"350\" height=\"250\" src=\"data:image\/gif;base64,R0lGODlhAQABAIAAAP\/\/\/wAAACH5BAEAAAAALAAAAAABAAEAAAICRAEAOw==\" class=\"lazyload wp-post-image\" alt=\"La Catastrophe des Droits Humains Lapid\u00e9s du Peuple Iranien\" data-src=\"https:\/\/wncri.org\/fr\/wp-content\/uploads\/2024\/07\/Massacred-Human-Rights-Maryam-Rajavi-1-min-350x250.jpg\" data-sizes=\"auto\" data-expand=\"700\" \/><\/div><\/a>\n                        <div class=\"jeg_post_category\">\n                            <span><a href=\"https:\/\/wncri.org\/fr\/category\/discours-de-maryam-radjavi\/\" class=\"category-discours-de-maryam-radjavi\">Discours de Maryam Radjavi<\/a><\/span>\n                        <\/div>\n                    <\/div>\n                    <div class=\"jeg_postblock_content\">\n                        <h3 class=\"jeg_post_title\">\n                            <a href=\"https:\/\/wncri.org\/fr\/2024\/07\/01\/droits-humains-lapides-iran\/\">La Catastrophe des Droits Humains Lapid\u00e9s du Peuple Iranien<\/a>\n                        <\/h3>\n                        <div class=\"jeg_post_meta\"><div class=\"jeg_meta_date\"><a href=\"https:\/\/wncri.org\/fr\/2024\/07\/01\/droits-humains-lapides-iran\/\"><i class=\"fa fa-clock-o\"><\/i> July 1, 2024<\/a><\/div><\/div>\n                        <div class=\"jeg_post_excerpt\">\n                            <p>Au troisi\u00e8me jour du Sommet mondial \"Free Iran 2024\", Mme Maryam Radjavi a \u00e9voqu\u00e9 les violations flagrantes des droits de...<\/p>\n                            <a href=\"https:\/\/wncri.org\/fr\/2024\/07\/01\/droits-humains-lapides-iran\/\" class=\"jeg_readmore\">Lire la suite<span class=\"screen-reader-text\">Details<\/span><\/a>\n                        <\/div>\n                    <\/div>\n                <\/article><article class=\"jeg_post jeg_pl_lg_2 format-standard\">\n                    <div class=\"jeg_thumb\">\n                        \n                        <a href=\"https:\/\/wncri.org\/fr\/2024\/04\/16\/lemergence-des-femmes-et-de-leur-leadership-dans-la-resistance-est-une-condition-essentielle-de-la-liberte\/\" aria-label=\"Read article: Les Iraniennes combattantes jouent un r\u00f4le essentiel dans la R\u00e9sistance pour la libert\u00e9\"><div class=\"thumbnail-container animate-lazy  size-715 \"><img decoding=\"async\" width=\"350\" height=\"250\" src=\"data:image\/gif;base64,R0lGODlhAQABAIAAAP\/\/\/wAAACH5BAEAAAAALAAAAAABAAEAAAICRAEAOw==\" class=\"lazyload wp-post-image\" alt=\"L\u2019\u00e9mergence des femmes et de leur leadership dans la r\u00e9sistance est une condition essentielle de la libert\u00e9\" data-src=\"https:\/\/wncri.org\/fr\/wp-content\/uploads\/2024\/04\/Maryam-Rajavi-EP-Parliament-2-min-350x250.jpg\" data-sizes=\"auto\" data-expand=\"700\" \/><\/div><\/a>\n                        <div class=\"jeg_post_category\">\n                            <span><a href=\"https:\/\/wncri.org\/fr\/category\/discours-de-maryam-radjavi\/\" class=\"category-discours-de-maryam-radjavi\">Discours de Maryam Radjavi<\/a><\/span>\n                        <\/div>\n                    <\/div>\n                    <div class=\"jeg_postblock_content\">\n                        <h3 class=\"jeg_post_title\">\n                            <a href=\"https:\/\/wncri.org\/fr\/2024\/04\/16\/lemergence-des-femmes-et-de-leur-leadership-dans-la-resistance-est-une-condition-essentielle-de-la-liberte\/\">Les Iraniennes combattantes jouent un r\u00f4le essentiel dans la R\u00e9sistance pour la libert\u00e9<\/a>\n                        <\/h3>\n                        <div class=\"jeg_post_meta\"><div class=\"jeg_meta_date\"><a href=\"https:\/\/wncri.org\/fr\/2024\/04\/16\/lemergence-des-femmes-et-de-leur-leadership-dans-la-resistance-est-une-condition-essentielle-de-la-liberte\/\"><i class=\"fa fa-clock-o\"><\/i> April 16, 2024<\/a><\/div><\/div>\n                        <div class=\"jeg_post_excerpt\">\n                            <p>Le 9 avril 2024, Mme Maryam Radjavi, pr\u00e9sidente \u00e9lue du Conseil national de la R\u00e9sistance iranienne, a pris la parole...<\/p>\n                            <a href=\"https:\/\/wncri.org\/fr\/2024\/04\/16\/lemergence-des-femmes-et-de-leur-leadership-dans-la-resistance-est-une-condition-essentielle-de-la-liberte\/\" class=\"jeg_readmore\">Lire la suite<span class=\"screen-reader-text\">Details<\/span><\/a>\n                        <\/div>\n                    <\/div>\n                <\/article><article class=\"jeg_post jeg_pl_lg_2 format-standard\">\n                    <div class=\"jeg_thumb\">\n                        \n                        <a href=\"https:\/\/wncri.org\/fr\/2024\/02\/25\/la-participation-active-et-egale\/\" aria-label=\"Read article: La participation active et \u00e9gale des femmes au leadership politique, condition sine qua non de la d\u00e9mocratie\"><div class=\"thumbnail-container animate-lazy  size-715 \"><img decoding=\"async\" width=\"350\" height=\"250\" src=\"data:image\/gif;base64,R0lGODlhAQABAIAAAP\/\/\/wAAACH5BAEAAAAALAAAAAABAAEAAAICRAEAOw==\" class=\"lazyload wp-post-image\" alt=\"La participation active et \u00e9gale des femmes au leadership politique\" data-src=\"https:\/\/wncri.org\/fr\/wp-content\/uploads\/2024\/02\/IWD2024-speech-Maryam-Rajavi-min-350x250.jpg\" data-sizes=\"auto\" data-expand=\"700\" \/><\/div><\/a>\n                        <div class=\"jeg_post_category\">\n                            <span><a href=\"https:\/\/wncri.org\/fr\/category\/discours-de-maryam-radjavi\/\" class=\"category-discours-de-maryam-radjavi\">Discours de Maryam Radjavi<\/a><\/span>\n                        <\/div>\n                    <\/div>\n                    <div class=\"jeg_postblock_content\">\n                        <h3 class=\"jeg_post_title\">\n                            <a href=\"https:\/\/wncri.org\/fr\/2024\/02\/25\/la-participation-active-et-egale\/\">La participation active et \u00e9gale des femmes au leadership politique, condition sine qua non de la d\u00e9mocratie<\/a>\n                        <\/h3>\n                        <div class=\"jeg_post_meta\"><div class=\"jeg_meta_date\"><a href=\"https:\/\/wncri.org\/fr\/2024\/02\/25\/la-participation-active-et-egale\/\"><i class=\"fa fa-clock-o\"><\/i> February 25, 2024<\/a><\/div><\/div>\n                        <div class=\"jeg_post_excerpt\">\n                            <p>Une conf\u00e9rence #IWD2024 tr\u00e8s \u00e9mouvante et inspirante s'est tenue aujourd'hui, samedi 24 f\u00e9vrier 2024, \u00e0 Paris. La pr\u00e9sidente \u00e9lue du...<\/p>\n                            <a href=\"https:\/\/wncri.org\/fr\/2024\/02\/25\/la-participation-active-et-egale\/\" class=\"jeg_readmore\">Lire la suite<span class=\"screen-reader-text\">Details<\/span><\/a>\n                        <\/div>\n                    <\/div>\n                <\/article><\/div>\n                    <div class='module-overlay'>\n\t\t\t\t    <div class='preloader_type preloader_dot'>\n\t\t\t\t        <div class=\"module-preloader jeg_preloader dot\">\n\t\t\t\t            <span><\/span><span><\/span><span><\/span>\n\t\t\t\t        <\/div>\n\t\t\t\t        <div class=\"module-preloader jeg_preloader circle\">\n\t\t\t\t            <div class=\"jnews_preloader_circle_outer\">\n\t\t\t\t                <div class=\"jnews_preloader_circle_inner\"><\/div>\n\t\t\t\t            <\/div>\n\t\t\t\t        <\/div>\n\t\t\t\t        <div class=\"module-preloader jeg_preloader square\">\n\t\t\t\t            <div class=\"jeg_square\">\n\t\t\t\t                <div class=\"jeg_square_inner\"><\/div>\n\t\t\t\t            <\/div>\n\t\t\t\t        <\/div>\n\t\t\t\t    <\/div>\n\t\t\t\t<\/div>\n                <\/div>\n                <div class=\"jeg_block_navigation\">\n                    <div class='navigation_overlay'><div class='module-preloader jeg_preloader'><span><\/span><span><\/span><span><\/span><\/div><\/div>\n                    <div class=\"jeg_block_loadmore \">\n                    <a href=\"#\" class='' data-load='Charger Plus' data-loading='Loading...'> Charger Plus<\/a>\n                <\/div>\n                    \n                <\/div>\n\t\t\t\t\t<style scoped>.jnews_module__0_69f2c813a9d51 .jeg_block_heading_6 .jeg_block_title span, .jnews_module__0_69f2c813a9d51 .jeg_block_heading_6 .jeg_block_title i { color: #02b0b1; }<\/style>\n\t\t\t\t\t<script>var jnews_module__0_69f2c813a9d51 = {\"compatible_column_notice\":\"\",\"header_icon\":\"\",\"first_title\":\"\",\"second_title\":\"\",\"url\":\"\",\"header_type\":\"heading_6\",\"header_background\":\"\",\"header_secondary_background\":\"\",\"header_text_color\":\"#02b0b1\",\"header_line_color\":\"\",\"header_accent_color\":\"\",\"header_filter_category\":\"\",\"header_filter_author\":\"\",\"header_filter_tag\":\"\",\"header_filter_text\":\"All\",\"sticky_post\":false,\"sticky_post_filter\":false,\"post_type\":\"post\",\"content_type\":\"all\",\"sponsor\":false,\"number_post\":\"10\",\"post_offset\":\"0\",\"unique_content\":\"disable\",\"include_post\":\"\",\"included_only\":false,\"exclude_post\":\"\",\"include_category\":\"19\",\"exclude_category\":\"\",\"include_author\":\"\",\"include_tag\":\"\",\"exclude_tag\":\"\",\"exclude_visited_post\":false,\"sort_by\":\"latest\",\"date_format\":\"default\",\"date_format_custom\":\"Y\\\/m\\\/d\",\"excerpt_length\":\"20\",\"excerpt_ellipsis\":\"...\",\"force_normal_image_load\":\"\",\"main_custom_image_size\":\"default\",\"pagination_mode\":\"scrollload\",\"pagination_nextprev_showtext\":\"\",\"pagination_number_post\":\"4\",\"pagination_scroll_limit\":\"0\",\"ads_type\":\"disable\",\"ads_position\":1,\"ads_random\":\"\",\"ads_image\":\"\",\"ads_image_tablet\":\"\",\"ads_image_phone\":\"\",\"ads_image_link\":\"\",\"ads_image_alt\":\"\",\"ads_image_new_tab\":\"\",\"google_publisher_id\":\"\",\"google_slot_id\":\"\",\"google_desktop\":\"auto\",\"google_tab\":\"auto\",\"google_phone\":\"auto\",\"content\":\"\",\"ads_bottom_text\":\"\",\"boxed\":\"\",\"boxed_shadow\":\"\",\"el_id\":\"\",\"el_class\":\"\",\"scheme\":\"\",\"column_width\":\"auto\",\"title_color\":\"\",\"accent_color\":\"\",\"alt_color\":\"\",\"excerpt_color\":\"\",\"css\":\"\",\"paged\":1,\"column_class\":\"jeg_col_3o3\",\"class\":\"jnews_block_5\"};<\/script>\n\t\t\t\t<\/div>[\/vc_column][\/vc_row]<\/p>\n<\/div>","protected":false},"excerpt":{"rendered":"<p>[vc_row][vc_column][\/vc_column][\/vc_row]<\/p>\n","protected":false},"author":1,"featured_media":0,"parent":0,"menu_order":0,"comment_status":"closed","ping_status":"closed","template":"","meta":{"jnews_page_loop":{"enable_page_loop":"0","first_title":"Latest Post","second_title":"","header_type":"heading_6","header_background":"","header_text_color":"","layout":"right-sidebar","sidebar":"default-sidebar","second_sidebar":"default-sidebar","sticky_sidebar":"1","module":"3","boxed":"0","boxed_shadow":"0","box_shadow":"0","excerpt_length":"20","content_date":"default","date_custom":"Y\/m\/d","content_pagination":"nav_1","pagination_align":"center","show_navtext":"0","show_pageinfo":"0","post_offset":"0","posts_per_page":"5","include_post":"","exclude_post":"","include_category":"","exclude_category":"","include_author":"","include_tag":"","exclude_tag":"","sort_by":"latest"},"jnews_single_page":{"layout":"right-sidebar","sidebar":"default-sidebar","second_sidebar":"default-sidebar","sticky_sidebar":"1","show_post_featured":"0","show_post_meta":"0","share_position":"bottom","share_color":"share-monocrhome"},"jnews_social_meta":[],"footnotes":""},"class_list":["post-7474","page","type-page","status-publish","hentry"],"_links":{"self":[{"href":"https:\/\/wncri.org\/fr\/wp-json\/wp\/v2\/pages\/7474","targetHints":{"allow":["GET"]}}],"collection":[{"href":"https:\/\/wncri.org\/fr\/wp-json\/wp\/v2\/pages"}],"about":[{"href":"https:\/\/wncri.org\/fr\/wp-json\/wp\/v2\/types\/page"}],"author":[{"embeddable":true,"href":"https:\/\/wncri.org\/fr\/wp-json\/wp\/v2\/users\/1"}],"replies":[{"embeddable":true,"href":"https:\/\/wncri.org\/fr\/wp-json\/wp\/v2\/comments?post=7474"}],"version-history":[{"count":0,"href":"https:\/\/wncri.org\/fr\/wp-json\/wp\/v2\/pages\/7474\/revisions"}],"wp:attachment":[{"href":"https:\/\/wncri.org\/fr\/wp-json\/wp\/v2\/media?parent=7474"}],"curies":[{"name":"wp","href":"https:\/\/api.w.org\/{rel}","templated":true}]}}